{"id":183,"date":"2024-03-28T08:44:44","date_gmt":"2024-03-28T08:44:44","guid":{"rendered":"https:\/\/bolbec-running-club.org\/?page_id=183"},"modified":"2024-10-29T11:28:50","modified_gmt":"2024-10-29T11:28:50","slug":"183-2","status":"publish","type":"page","link":"https:\/\/bolbec-running-club.org\/?page_id=183","title":{"rendered":"Pr\u00e9sentation du club"},"content":{"rendered":"<p>[et_pb_section fb_built=\u00a0\u00bb1&Prime; _builder_version=\u00a0\u00bb4.27.2&Prime; _module_preset=\u00a0\u00bbdefault\u00a0\u00bb custom_padding=\u00a0\u00bb||0px|||\u00a0\u00bb hover_enabled=\u00a0\u00bb0&Prime; border_color_all=\u00a0\u00bb#FFFFFF\u00a0\u00bb global_colors_info=\u00a0\u00bb{}\u00a0\u00bb background_enable_color=\u00a0\u00bboff\u00a0\u00bb sticky_enabled=\u00a0\u00bb0&Prime;][et_pb_row _builder_version=\u00a0\u00bb4.25.0&Prime; _module_preset=\u00a0\u00bbdefault\u00a0\u00bb global_colors_info=\u00a0\u00bb{}\u00a0\u00bb][et_pb_column type=\u00a0\u00bb4_4&Prime; _builder_version=\u00a0\u00bb4.25.0&Prime; _module_preset=\u00a0\u00bbdefault\u00a0\u00bb global_colors_info=\u00a0\u00bb{}\u00a0\u00bb][et_pb_post_title meta=\u00a0\u00bboff\u00a0\u00bb featured_image=\u00a0\u00bboff\u00a0\u00bb _builder_version=\u00a0\u00bb4.25.0&Prime; _module_preset=\u00a0\u00bbdefault\u00a0\u00bb title_font=\u00a0\u00bb||||on|||#DCB253|solid\u00a0\u00bb title_text_align=\u00a0\u00bbcenter\u00a0\u00bb title_text_color=\u00a0\u00bb#dcb253&Prime; title_font_size=\u00a0\u00bb45px\u00a0\u00bb text_orientation=\u00a0\u00bbcenter\u00a0\u00bb global_colors_info=\u00a0\u00bb{}\u00a0\u00bb][\/et_pb_post_title][\/et_pb_column][\/et_pb_row][\/et_pb_section][et_pb_section fb_built=\u00a0\u00bb1&Prime; _builder_version=\u00a0\u00bb4.27.2&Prime; _module_preset=\u00a0\u00bbdefault\u00a0\u00bb custom_padding=\u00a0\u00bb14px|||||\u00a0\u00bb hover_enabled=\u00a0\u00bb0&Prime; border_color_all=\u00a0\u00bb#FFFFFF\u00a0\u00bb global_colors_info=\u00a0\u00bb{}\u00a0\u00bb background_enable_color=\u00a0\u00bboff\u00a0\u00bb sticky_enabled=\u00a0\u00bb0&Prime;][et_pb_row _builder_version=\u00a0\u00bb4.25.0&Prime; _module_preset=\u00a0\u00bbdefault\u00a0\u00bb custom_padding=\u00a0\u00bb2px|||||\u00a0\u00bb global_colors_info=\u00a0\u00bb{}\u00a0\u00bb][et_pb_column type=\u00a0\u00bb4_4&Prime; _builder_version=\u00a0\u00bb4.25.0&Prime; _module_preset=\u00a0\u00bbdefault\u00a0\u00bb global_colors_info=\u00a0\u00bb{}\u00a0\u00bb][et_pb_text _builder_version=\u00a0\u00bb4.27.2&Prime; _module_preset=\u00a0\u00bbdefault\u00a0\u00bb text_text_color=\u00a0\u00bb#dcb253&Prime; text_font_size=\u00a0\u00bb18px\u00a0\u00bb hover_enabled=\u00a0\u00bb0&Prime; global_colors_info=\u00a0\u00bb{}\u00a0\u00bb sticky_enabled=\u00a0\u00bb0&Prime;]<\/p>\n<p><span style=\"color: #000000;\"><strong>\u00c0 la base d\u2019un projet ambitieux, il y a toujours une vision claire.<\/strong> Son cr\u00e9ateur ? <strong>Florian COURRA\u00cbY.<\/strong> Enthousiasm\u00e9 par son id\u00e9e, il en parle \u00e0 son ami <strong>Th\u00e9o GUEROULT<\/strong>, vice-pr\u00e9sident du semi-marathon de Bolbec et pr\u00e9sident du club. Ensemble, ils sont d\u00e9termin\u00e9s \u00e0 donner vie \u00e0 ce r\u00eave.<\/span><\/p>\n<p><span style=\"color: #000000;\">Apr\u00e8s trois ans de r\u00e9flexions, ils se lancent enfin dans cette aventure au d\u00e9but de l&rsquo;ann\u00e9e 2024.<\/span><\/p>\n<p><span style=\"color: #000000;\">Lors d\u2019un repas convivial, ils partagent cette id\u00e9e audacieuse d\u2019ouvrir leur propre club d\u2019athl\u00e9tisme avec <strong>David LEPILLER, Tommy VERSAVEL<\/strong> et <strong>La\u00ebtitia SAUSSAYE<\/strong>. Ces derniers sont tout aussi motiv\u00e9s pour cr\u00e9er ce qu\u2019ils appelleront bient\u00f4t leur \u00ab b\u00e9b\u00e9 \u00bb.<\/span><\/p>\n<p><span style=\"color: #000000;\"><strong>Cr\u00e9er quelque chose de nouveau \u00e0 partir de z\u00e9ro, quelle adr\u00e9naline !<\/strong> Ce moment restera grav\u00e9 dans leurs m\u00e9moires.<\/span><\/p>\n<p><span style=\"color: #000000;\">Les choses s\u00e9rieuses s\u2019acc\u00e9l\u00e8rent. Lors de la premi\u00e8re r\u00e9union d\u2019information, deux nouvelles recrues, <strong>Nicolas PORET<\/strong> et <strong>G\u00e9rald AVIGNON<\/strong>, rejoignent l\u2019aventure.<\/span><\/p>\n<p><span style=\"color: #000000;\">Apr\u00e8s deux mois de saison, <strong>Lucas VOISIN<\/strong> voit ce club grandir et souhaite \u00e9galement s\u2019int\u00e9grer au projet.<\/span><\/p>\n<p><span style=\"color: #000000;\"><strong>Maintenant, parlons des activit\u00e9s que ce nouveau club proposera !<\/strong><\/span><\/p>\n<p><span style=\"color: #000000;\">Il y en aura pour tous les go\u00fbts : demi-fond, trail, ultra, route, marathon, cross, etc.<\/span><\/p>\n<p><span style=\"color: #000000;\">\u00c0 Bolbec, il n\u2019existe pas encore de club labellis\u00e9 FFA, ce qui est dommage car la ville regorge de possibilit\u00e9s pour l\u2019entra\u00eenement. C\u2019est pourquoi le club a d\u00e9cid\u00e9 d\u2019y poser ses valises !<\/span><\/p>\n<p><span style=\"color: #000000;\">Si vous souhaitez rejoindre cette bande de passionn\u00e9s pr\u00eate \u00e0 relever ce d\u00e9fi, n\u2019h\u00e9sitez pas ! La convivialit\u00e9 et l\u2019esprit d\u2019\u00e9quipe seront au c\u0153ur de notre nouveau club.<\/span><\/p>\n<p><span style=\"color: #000000;\">Sportivement,<\/span><\/p>\n<p><span style=\"color: #000000;\"><strong>La voix du comit\u00e9 B.R.C<\/strong><\/span><\/p>\n<p>[\/et_pb_text][\/et_pb_column][\/et_pb_row][et_pb_row _builder_version=\u00a0\u00bb4.27.2&Prime; _module_preset=\u00a0\u00bbdefault\u00a0\u00bb column_structure=\u00a0\u00bb1_2,1_2&Prime;][et_pb_column _builder_version=\u00a0\u00bb4.27.2&Prime; _module_preset=\u00a0\u00bbdefault\u00a0\u00bb type=\u00a0\u00bb1_2&Prime;][et_pb_image src=\u00a0\u00bbhttps:\/\/bolbec-running-club.org\/wp-content\/uploads\/2024\/10\/2-3.jpg\u00a0\u00bb _builder_version=\u00a0\u00bb4.27.2&Prime; _module_preset=\u00a0\u00bbdefault\u00a0\u00bb title_text=\u00a0\u00bb2&Prime; hover_enabled=\u00a0\u00bb0&Prime; sticky_enabled=\u00a0\u00bb0&Prime;][\/et_pb_image][\/et_pb_column][et_pb_column _builder_version=\u00a0\u00bb4.27.2&Prime; _module_preset=\u00a0\u00bbdefault\u00a0\u00bb type=\u00a0\u00bb1_2&Prime;][et_pb_image src=\u00a0\u00bbhttps:\/\/bolbec-running-club.org\/wp-content\/uploads\/2024\/10\/1-3.jpg\u00a0\u00bb _builder_version=\u00a0\u00bb4.27.2&Prime; _module_preset=\u00a0\u00bbdefault\u00a0\u00bb title_text=\u00a0\u00bb1&Prime; hover_enabled=\u00a0\u00bb0&Prime; sticky_enabled=\u00a0\u00bb0&Prime;][\/et_pb_image][\/et_pb_column][\/et_pb_row][\/et_pb_section]<\/p>\n","protected":false},"excerpt":{"rendered":"<p>\u00c0 la base d\u2019un projet ambitieux, il y a toujours une vision claire. Son cr\u00e9ateur ? Florian COURRA\u00cbY. Enthousiasm\u00e9 par son id\u00e9e, il en parle \u00e0 son ami Th\u00e9o GUEROULT, vice-pr\u00e9sident du semi-marathon de Bolbec et pr\u00e9sident du club. Ensemble, ils sont d\u00e9termin\u00e9s \u00e0 donner vie \u00e0 ce r\u00eave. Apr\u00e8s trois ans de r\u00e9flexions, ils [&hellip;]<\/p>\n","protected":false},"author":1,"featured_media":0,"parent":0,"menu_order":0,"comment_status":"closed","ping_status":"closed","template":"","meta":{"_et_pb_use_builder":"on","_et_pb_old_content":"","_et_gb_content_width":"","footnotes":""},"class_list":["post-183","page","type-page","status-publish","hentry"],"aioseo_notices":[],"_links":{"self":[{"href":"https:\/\/bolbec-running-club.org\/index.php?rest_route=\/wp\/v2\/pages\/183","targetHints":{"allow":["GET"]}}],"collection":[{"href":"https:\/\/bolbec-running-club.org\/index.php?rest_route=\/wp\/v2\/pages"}],"about":[{"href":"https:\/\/bolbec-running-club.org\/index.php?rest_route=\/wp\/v2\/types\/page"}],"author":[{"embeddable":true,"href":"https:\/\/bolbec-running-club.org\/index.php?rest_route=\/wp\/v2\/users\/1"}],"replies":[{"embeddable":true,"href":"https:\/\/bolbec-running-club.org\/index.php?rest_route=%2Fwp%2Fv2%2Fcomments&post=183"}],"version-history":[{"count":28,"href":"https:\/\/bolbec-running-club.org\/index.php?rest_route=\/wp\/v2\/pages\/183\/revisions"}],"predecessor-version":[{"id":2023,"href":"https:\/\/bolbec-running-club.org\/index.php?rest_route=\/wp\/v2\/pages\/183\/revisions\/2023"}],"wp:attachment":[{"href":"https:\/\/bolbec-running-club.org\/index.php?rest_route=%2Fwp%2Fv2%2Fmedia&parent=183"}],"curies":[{"name":"wp","href":"https:\/\/api.w.org\/{rel}","templated":true}]}}